{"id":1449,"date":"2017-06-16T15:10:16","date_gmt":"2017-06-16T14:10:16","guid":{"rendered":"http:\/\/www.fetedufromage.be\/?page_id=1449"},"modified":"2018-05-29T10:58:39","modified_gmt":"2018-05-29T09:58:39","slug":"concours-fromages-de-wallonie-laureats-2017","status":"publish","type":"page","link":"https:\/\/www.fetedufromage.be\/nl\/concours-fromages-de-wallonie-laureats-2017\/","title":{"rendered":"Waalse kazenwedstrijd: winnaars 2017"},"content":{"rendered":"<p><\/p>\n<h3><img src=\"https:\/\/www.fetedufromage.be\/wp-content\/uploads\/2017\/06\/laureats2017-1024x768.jpg\" alt=\"Laur\u00e9ats 2017\" \/><\/h3>\n<p>&nbsp;<\/p>\n<p><strong>KAAS VAN HET JAAR 2017: LE CARRE DE L&#8217;ENCLUS<\/strong><\/p>\n<p>Bru<a class=\"ngg-fancybox\" title=\" \" href=\"https:\/\/www.fetedufromage.be\/wp-content\/gallery\/laureat-2017\/carre-enclus.png\" rel=\"\" data-image-id=\"395\" data-src=\"https:\/\/www.fetedufromage.be\/wp-content\/gallery\/laureat-2017\/carre-enclus.png\" data-thumbnail=\"https:\/\/www.fetedufromage.be\/wp-content\/gallery\/laureat-2017\/thumbs\/thumbs_carre-enclus.png\" data-title=\"carre-enclus\" data-description=\" \"><img class=\"ngg-singlepic ngg-left alignleft\" src=\"https:\/\/www.fetedufromage.be\/wp-content\/gallery\/laureat-2017\/thumbs\/thumbs_carre-enclus.png\" alt=\"carre-enclus\" \/><\/a>no Hespel heeft zijn accountantsberoep verlaten om zich bezig te houden met het fokken van geiten. Op de familieboerderij in Amougies, in de provincie Henegouwen, maakt hij kaas, roomijs, boter en andere producten van de melk. Hij hecht groot belang aan het voedsel van de geiten (gras, en hooi), waardoor de producten de speciale smaak krijgen.<\/p>\n<p><strong>Ch\u00e8vrerie de l\u2019Enclus \u2013 Bruno Hespel<\/strong><br \/>\nRue Saint-Pierre 2 \u2013 7750 Amougies<\/p>\n<h3>Koemelk<\/h3>\n<h3>Verse kaas<\/h3>\n<p><strong><a class=\"ngg-fancybox\" title=\" \" href=\"https:\/\/www.fetedufromage.be\/wp-content\/gallery\/laureat-2017\/arthur-nature.png\" rel=\"\" data-image-id=\"389\" data-src=\"https:\/\/www.fetedufromage.be\/wp-content\/gallery\/laureat-2017\/arthur-nature.png\" data-thumbnail=\"https:\/\/www.fetedufromage.be\/wp-content\/gallery\/laureat-2017\/thumbs\/thumbs_arthur-nature.png\" data-title=\"arthur-nature\" data-description=\" \"><img class=\"ngg-singlepic ngg-left alignleft\" src=\"https:\/\/www.fetedufromage.be\/wp-content\/gallery\/laureat-2017\/thumbs\/thumbs_arthur-nature.png\" alt=\"arthur-nature\" \/><\/a>Harz\u00e9 d&#8217;Or: L\u2019Arthur nature<\/strong><br \/>\nG\u00f6hltaler K\u00e4serei \u2013 Tobias Boffenrath<br \/>\nRothausstra\u00dfe 61 \u2013 4731 Eynatten<br \/>\n0472\/68 35 23<br \/>\n<a class=\"ngg-fancybox\" title=\" \" href=\"https:\/\/www.fetedufromage.be\/wp-content\/gallery\/laureat-2017\/bidelot-nature.png\" rel=\"\" data-image-id=\"390\" data-src=\"https:\/\/www.fetedufromage.be\/wp-content\/gallery\/laureat-2017\/bidelot-nature.png\" data-thumbnail=\"https:\/\/www.fetedufromage.be\/wp-content\/gallery\/laureat-2017\/thumbs\/thumbs_bidelot-nature.png\" data-title=\"bidelot-nature\" data-description=\" \"><img class=\"ngg-singlepic ngg-left alignleft\" src=\"https:\/\/www.fetedufromage.be\/wp-content\/gallery\/laureat-2017\/thumbs\/thumbs_bidelot-nature.png\" alt=\"bidelot-nature\" \/><\/a><strong>Harz\u00e9 d&#8217;Argent: Bidelot nature<\/strong><br \/>\nFromagerie R\u00e9gal \u2013 Damien Bruwier<br \/>\nRue Derri\u00e8re les jardins, 8 \u2013 4610 Queue du Bois<br \/>\n04\/370 63 98 \u2013 www.fromagerie-regal.be<\/p>\n<h3>Verse kaas met kruiden<\/h3>\n<p><strong><a class=\"ngg-fancybox\" title=\" \" href=\"https:\/\/www.fetedufromage.be\/wp-content\/gallery\/laureat-2017\/felice-epice.png\" rel=\"\" data-image-id=\"401\" data-src=\"https:\/\/www.fetedufromage.be\/wp-content\/gallery\/laureat-2017\/felice-epice.png\" data-thumbnail=\"https:\/\/www.fetedufromage.be\/wp-content\/gallery\/laureat-2017\/thumbs\/thumbs_felice-epice.png\" data-title=\"felice-epice\" data-description=\" \"><img class=\"ngg-singlepic ngg-left alignleft\" src=\"https:\/\/www.fetedufromage.be\/wp-content\/gallery\/laureat-2017\/thumbs\/thumbs_felice-epice.png\" alt=\"felice-epice\" \/><\/a>Harz\u00e9 d&#8217;Or: le F\u00e9lice \u00e9pic\u00e9<\/strong><br \/>\nG\u00f6hltaler K\u00e4serei \u2013 Tobias Boffenrath<br \/>\nRothausstra\u00dfe 61 \u2013 4731 Eynatten<br \/>\n0472\/68 35 23<br \/>\n<a class=\"ngg-fancybox\" title=\" \" href=\"https:\/\/www.fetedufromage.be\/wp-content\/gallery\/laureat-2017\/caprice-gerny-bruscetta.png\" rel=\"\" data-image-id=\"394\" data-src=\"https:\/\/www.fetedufromage.be\/wp-content\/gallery\/laureat-2017\/caprice-gerny-bruscetta.png\" data-thumbnail=\"https:\/\/www.fetedufromage.be\/wp-content\/gallery\/laureat-2017\/thumbs\/thumbs_caprice-gerny-bruscetta.png\" data-title=\"caprice-gerny-bruscetta\" data-description=\" \"><img class=\"ngg-singlepic ngg-left alignleft\" src=\"https:\/\/www.fetedufromage.be\/wp-content\/gallery\/laureat-2017\/thumbs\/thumbs_caprice-gerny-bruscetta.png\" alt=\"caprice-gerny-bruscetta\" \/><\/a><strong>Harz\u00e9 d&#8217;Argent: le Caprice du Gerny bruschetta<\/strong><br \/>\nLe Plateau du Gerny \u2013 Anne Lecaillie et Viviane Evrard<br \/>\nRue de Tavys 29 \u2013 6900 Aye<br \/>\n0499\/33 07 87 \u2013 www.leplateaudugerny.be<\/p>\n<h3>Zachte kaas met gewassen korst<\/h3>\n<p><strong><a class=\"ngg-fancybox\" title=\" \" href=\"https:\/\/www.fetedufromage.be\/wp-content\/gallery\/laureat-2017\/herve-remoudou-cremier.png\" rel=\"\" data-image-id=\"404\" data-src=\"https:\/\/www.fetedufromage.be\/wp-content\/gallery\/laureat-2017\/herve-remoudou-cremier.png\" data-thumbnail=\"https:\/\/www.fetedufromage.be\/wp-content\/gallery\/laureat-2017\/thumbs\/thumbs_herve-remoudou-cremier.png\" data-title=\"herve-remoudou-cremier\" data-description=\" \"><img class=\"ngg-singlepic ngg-left alignleft\" src=\"https:\/\/www.fetedufromage.be\/wp-content\/gallery\/laureat-2017\/thumbs\/thumbs_herve-remoudou-cremier.png\" alt=\"herve-remoudou-cremier\" \/><\/a><a class=\"ngg-fancybox\" title=\" \" href=\"https:\/\/www.fetedufromage.be\/wp-content\/gallery\/laureat-2017\/herve-exquis-piquant.png\" rel=\"\" data-image-id=\"403\" data-src=\"https:\/\/www.fetedufromage.be\/wp-content\/gallery\/laureat-2017\/herve-exquis-piquant.png\" data-thumbnail=\"https:\/\/www.fetedufromage.be\/wp-content\/gallery\/laureat-2017\/thumbs\/thumbs_herve-exquis-piquant.png\" data-title=\"herve-exquis-piquant\" data-description=\" \"><img class=\"ngg-singlepic ngg-left alignleft\" src=\"https:\/\/www.fetedufromage.be\/wp-content\/gallery\/laureat-2017\/thumbs\/thumbs_herve-exquis-piquant.png\" alt=\"herve-exquis-piquant\" \/><\/a>Harz\u00e9 d&#8217;Or:\u00a0Herve Remoudou cr\u00e9mier AOP<br \/>\n<\/strong><strong>Harz\u00e9 d&#8217;Argent: Herve Exquis piquant<\/strong><br \/>\nHerve Soci\u00e9t\u00e9 \u2013 Jean-Marc Cabay<br \/>\nRue de Charneux, 32 \u2013 4650 Herve<br \/>\n087\/69 35 50 \u2013 www.herve-societe.be<\/p>\n<h3>Zachte kaas met zachte witte schimmelkorst<\/h3>\n<p><strong><a class=\"ngg-fancybox\" title=\" \" href=\"https:\/\/www.fetedufromage.be\/wp-content\/gallery\/laureat-2017\/pave-tavys-fleuri.png\" rel=\"\" data-image-id=\"407\" data-src=\"https:\/\/www.fetedufromage.be\/wp-content\/gallery\/laureat-2017\/pave-tavys-fleuri.png\" data-thumbnail=\"https:\/\/www.fetedufromage.be\/wp-content\/gallery\/laureat-2017\/thumbs\/thumbs_pave-tavys-fleuri.png\" data-title=\"pave-tavys-fleuri\" data-description=\" \"><img class=\"ngg-singlepic ngg-left alignleft\" src=\"https:\/\/www.fetedufromage.be\/wp-content\/gallery\/laureat-2017\/thumbs\/thumbs_pave-tavys-fleuri.png\" alt=\"pave-tavys-fleuri\" \/><\/a>Harz\u00e9 d&#8217;Or: le pav\u00e9 de Tavys fleuri<\/strong><br \/>\nLe Plateau du Gerny \u2013 Anne Lecaillie et Viviane Evrard<br \/>\nRue de Tavys 29 \u2013 6900 Aye<br \/>\n0499\/33 07 87 \u2013 www.leplateaudugerny.be<br \/>\n<a class=\"ngg-fancybox\" title=\" \" href=\"https:\/\/www.fetedufromage.be\/wp-content\/gallery\/laureat-2017\/samson-fleurs.png\" rel=\"\" data-image-id=\"408\" data-src=\"https:\/\/www.fetedufromage.be\/wp-content\/gallery\/laureat-2017\/samson-fleurs.png\" data-thumbnail=\"https:\/\/www.fetedufromage.be\/wp-content\/gallery\/laureat-2017\/thumbs\/thumbs_samson-fleurs.png\" data-title=\"samson-fleurs\" data-description=\" \"><img class=\"ngg-singlepic ngg-left alignleft\" src=\"https:\/\/www.fetedufromage.be\/wp-content\/gallery\/laureat-2017\/thumbs\/thumbs_samson-fleurs.png\" alt=\"samson-fleurs\" \/><\/a><strong>Harz\u00e9 d&#8217;Argent: le Samson aux fleurs<\/strong><br \/>\nFromagerie du Samson \u2013 Vincent Verleyen<br \/>\nChauss\u00e9e de Gramptinne 37 \u2013 5340 Gesves<br \/>\n081\/58 36 66 \u2013 www.fromageriedusamson.com<\/p>\n<h3>Onverhitte harde kaas<\/h3>\n<p><strong><a class=\"ngg-fancybox\" title=\" \" href=\"https:\/\/www.fetedufromage.be\/wp-content\/gallery\/laureat-2017\/echauguette-nature.png\" rel=\"\" data-image-id=\"400\" data-src=\"https:\/\/www.fetedufromage.be\/wp-content\/gallery\/laureat-2017\/echauguette-nature.png\" data-thumbnail=\"https:\/\/www.fetedufromage.be\/wp-content\/gallery\/laureat-2017\/thumbs\/thumbs_echauguette-nature.png\" data-title=\"echauguette-nature\" data-description=\" \"><img class=\"ngg-singlepic ngg-left alignleft\" src=\"https:\/\/www.fetedufromage.be\/wp-content\/gallery\/laureat-2017\/thumbs\/thumbs_echauguette-nature.png\" alt=\"echauguette-nature\" \/><\/a>Harz\u00e9 d&#8217;Or: l\u2019Echauguette nature<\/strong><br \/>\nFromagerie des Tourelles \u2013 F. Lespagnard, A. Henrottin, V. Rouxhet, M. Quirynen<br \/>\nRue du Ch\u00e2teau 3 \u2013 6997 Erez\u00e9e<br \/>\n086\/47 72 71 \u2013 0476\/69 13 88 \u2013 www.lafromageriedestourelles.be<\/p>\n<p><strong><a class=\"ngg-fancybox\" title=\" \" href=\"https:\/\/www.fetedufromage.be\/wp-content\/gallery\/laureat-2017\/tomme-goyette.png\" rel=\"\" data-image-id=\"411\" data-src=\"https:\/\/www.fetedufromage.be\/wp-content\/gallery\/laureat-2017\/tomme-goyette.png\" data-thumbnail=\"https:\/\/www.fetedufromage.be\/wp-content\/gallery\/laureat-2017\/thumbs\/thumbs_tomme-goyette.png\" data-title=\"tomme-goyette\" data-description=\" \"><img class=\"ngg-singlepic ngg-left alignleft\" src=\"https:\/\/www.fetedufromage.be\/wp-content\/gallery\/laureat-2017\/thumbs\/thumbs_tomme-goyette.png\" alt=\"tomme-goyette\" \/><\/a>Harz\u00e9 d&#8217;Argent: la Tomme de la Goyette<\/strong><br \/>\nFerme de la Goyette \u2013 Daniel et Lucienne Courtain<br \/>\nRue Fontaine L\u2019\u00c9v\u00eaque 14 \u2013 1471 Loupoigne<br \/>\n067\/77 24 63<\/p>\n<h3>Verhitte harde kaas<\/h3>\n<p><strong><a class=\"ngg-fancybox\" title=\" \" href=\"https:\/\/www.fetedufromage.be\/wp-content\/gallery\/laureat-2017\/bodan.png\" rel=\"\" data-image-id=\"393\" data-src=\"https:\/\/www.fetedufromage.be\/wp-content\/gallery\/laureat-2017\/bodan.png\" data-thumbnail=\"https:\/\/www.fetedufromage.be\/wp-content\/gallery\/laureat-2017\/thumbs\/thumbs_bodan.png\" data-title=\"bodan\" data-description=\" \"><img class=\"ngg-singlepic ngg-left alignleft\" src=\"https:\/\/www.fetedufromage.be\/wp-content\/gallery\/laureat-2017\/thumbs\/thumbs_bodan.png\" alt=\"bodan\" \/><\/a>Harz\u00e9 d&#8217;Or: le Bodan<\/strong><br \/>\nL&#8217;atelier 117 Artisan fromager \u2013 Bernard Rosart et V\u00e9ronique Gobin<br \/>\nRue de la Gare 117D \u2013 5590 Leignon<br \/>\n0486\/11 75 23 \u2013 www.facebook.com\/latelier117<br \/>\n<a class=\"ngg-fancybox\" title=\" \" href=\"https:\/\/www.fetedufromage.be\/wp-content\/gallery\/laureat-2017\/goliath.png\" rel=\"\" data-image-id=\"402\" data-src=\"https:\/\/www.fetedufromage.be\/wp-content\/gallery\/laureat-2017\/goliath.png\" data-thumbnail=\"https:\/\/www.fetedufromage.be\/wp-content\/gallery\/laureat-2017\/thumbs\/thumbs_goliath.png\" data-title=\"goliath\" data-description=\" \"><img class=\"ngg-singlepic ngg-left alignleft\" src=\"https:\/\/www.fetedufromage.be\/wp-content\/gallery\/laureat-2017\/thumbs\/thumbs_goliath.png\" alt=\"goliath\" \/><\/a><strong>Harz\u00e9 d&#8217;Argent: le Goli\u2019Ath<\/strong><br \/>\nFromagerie \u2013 \u00c9cole du CARAH<br \/>\nRue de l\u2019Agriculture 301 \u2013 7800 Ath<br \/>\n068\/26 46 30 \u2013 www.carah.be<\/p>\n<h2>Geitenmelk<\/h2>\n<h3>Verse kaas<\/h3>\n<p><strong><a class=\"ngg-fancybox\" title=\" \" href=\"https:\/\/www.fetedufromage.be\/wp-content\/gallery\/laureat-2017\/Crottin-de-chevre-frais-chefeu.png\" rel=\"\" data-image-id=\"399\" data-src=\"https:\/\/www.fetedufromage.be\/wp-content\/gallery\/laureat-2017\/Crottin-de-chevre-frais-chefeu.png\" data-thumbnail=\"https:\/\/www.fetedufromage.be\/wp-content\/gallery\/laureat-2017\/thumbs\/thumbs_Crottin-de-chevre-frais-chefeu.png\" data-title=\"Crottin-de-chevre-frais-chefeu\" data-description=\" \"><img class=\"ngg-singlepic ngg-left alignleft\" src=\"https:\/\/www.fetedufromage.be\/wp-content\/gallery\/laureat-2017\/thumbs\/thumbs_Crottin-de-chevre-frais-chefeu.png\" alt=\"Crottin-de-chevre-frais-chefeu\" \/><\/a>Harz\u00e9 d&#8217;Or: le Crottin frais de ch\u00e8vre<\/strong><br \/>\nLe Ch\u00e8vre-Feuille \u2013 Kathy Lanckriet<br \/>\nVoie des G\u00e9rons 258 \u2013 5351 Haillot<br \/>\n085\/61 20 56 \u2013 0476\/35 37 28 \u2013 www.chevre-feuille.be<br \/>\n<a class=\"ngg-fancybox\" title=\" \" href=\"https:\/\/www.fetedufromage.be\/wp-content\/gallery\/laureat-2017\/coeur-nature-lenclus.png\" rel=\"\" data-image-id=\"398\" data-src=\"https:\/\/www.fetedufromage.be\/wp-content\/gallery\/laureat-2017\/coeur-nature-lenclus.png\" data-thumbnail=\"https:\/\/www.fetedufromage.be\/wp-content\/gallery\/laureat-2017\/thumbs\/thumbs_coeur-nature-lenclus.png\" data-title=\"coeur-nature-lenclus\" data-description=\" \"><img class=\"ngg-singlepic ngg-left alignleft\" src=\"https:\/\/www.fetedufromage.be\/wp-content\/gallery\/laureat-2017\/thumbs\/thumbs_coeur-nature-lenclus.png\" alt=\"coeur-nature-lenclus\" \/><\/a><strong>Harz\u00e9 d&#8217;Or (ex-aequo):\u00a0C\u0153ur nature de l\u2019Enclus<\/strong><br \/>\nCh\u00e8vrerie de l&#8217;Enclus \u2013 Bruno Hespel<br \/>\nRue Saint-Pierre 2 \u2013 7750 Amougies<br \/>\n<strong>Harz\u00e9 d&#8217;Argent: le ch\u00e8vre frais nature<\/strong><br \/>\nCh\u00e8vrerie des Saules \u2013 Clarisse Van Thielen<br \/>\nAll\u00e9e Centrale 90 \u2013 6040 Jumet<br \/>\n0475\/61 71 71 \u2013 www.chevreriedessaules.be<\/p>\n<h3>Verse kaas met kruiden<\/h3>\n<p><strong><a class=\"ngg-fancybox\" title=\" \" href=\"https:\/\/www.fetedufromage.be\/wp-content\/gallery\/laureat-2017\/mageroti-raisin.png\" rel=\"\" data-image-id=\"406\" data-src=\"https:\/\/www.fetedufromage.be\/wp-content\/gallery\/laureat-2017\/mageroti-raisin.png\" data-thumbnail=\"https:\/\/www.fetedufromage.be\/wp-content\/gallery\/laureat-2017\/thumbs\/thumbs_mageroti-raisin.png\" data-title=\"mageroti-raisin\" data-description=\" \"><img class=\"ngg-singlepic ngg-left alignleft\" src=\"https:\/\/www.fetedufromage.be\/wp-content\/gallery\/laureat-2017\/thumbs\/thumbs_mageroti-raisin.png\" alt=\"mageroti-raisin\" \/><\/a>Harz\u00e9 d&#8217;Or: le Magerot\u00ee aux raisins<\/strong><br \/>\nLa Ferme d&#8217;Antan \u2013 Patrick Dourcy<br \/>\nMagerotte 31 \u2013 6680 Tillet<br \/>\n0493\/18 74 30 \u2013 www.lafermedantan.weebly.com<br \/>\n<a class=\"ngg-fancybox\" title=\" \" href=\"https:\/\/www.fetedufromage.be\/wp-content\/gallery\/laureat-2017\/chevre-frais-oignon-vert.png\" rel=\"\" data-image-id=\"397\" data-src=\"https:\/\/www.fetedufromage.be\/wp-content\/gallery\/laureat-2017\/chevre-frais-oignon-vert.png\" data-thumbnail=\"https:\/\/www.fetedufromage.be\/wp-content\/gallery\/laureat-2017\/thumbs\/thumbs_chevre-frais-oignon-vert.png\" data-title=\"chevre-frais-oignon-vert\" data-description=\" \"><img class=\"ngg-singlepic ngg-left alignleft\" src=\"https:\/\/www.fetedufromage.be\/wp-content\/gallery\/laureat-2017\/thumbs\/thumbs_chevre-frais-oignon-vert.png\" alt=\"chevre-frais-oignon-vert\" \/><\/a><strong>Harz\u00e9 d&#8217;Argent: le ch\u00e8vre frais aux oignons verts<\/strong><br \/>\nCh\u00e8vrerie des Saules \u2013 Clarisse Van Thielen<br \/>\nAll\u00e9e Centrale 90 \u2013 6040 Jumet<br \/>\n0475\/61 71 71 \u2013 www.chevreriedessaules.be<\/p>\n<h3>Gerijpte kaas<\/h3>\n<p><strong><a class=\"ngg-fancybox\" title=\" \" href=\"https:\/\/www.fetedufromage.be\/wp-content\/gallery\/laureat-2017\/carre-enclus.png\" rel=\"\" data-image-id=\"395\" data-src=\"https:\/\/www.fetedufromage.be\/wp-content\/gallery\/laureat-2017\/carre-enclus.png\" data-thumbnail=\"https:\/\/www.fetedufromage.be\/wp-content\/gallery\/laureat-2017\/thumbs\/thumbs_carre-enclus.png\" data-title=\"carre-enclus\" data-description=\" \"><img class=\"ngg-singlepic ngg-left alignleft\" src=\"https:\/\/www.fetedufromage.be\/wp-content\/gallery\/laureat-2017\/thumbs\/thumbs_carre-enclus.png\" alt=\"carre-enclus\" \/><\/a>Harz\u00e9 d&#8217;Or: le Carr\u00e9 de l\u2019Enclus<\/strong><br \/>\nCh\u00e8vrerie de l\u2019Enclus \u2013 Bruno Hespel<br \/>\nRue Saint-Pierre 2 \u20137750 Amougies<\/p>\n<p><a class=\"ngg-fancybox\" title=\" \" href=\"https:\/\/www.fetedufromage.be\/wp-content\/gallery\/laureat-2017\/lingot.png\" rel=\"\" data-image-id=\"405\" data-src=\"https:\/\/www.fetedufromage.be\/wp-content\/gallery\/laureat-2017\/lingot.png\" data-thumbnail=\"https:\/\/www.fetedufromage.be\/wp-content\/gallery\/laureat-2017\/thumbs\/thumbs_lingot.png\" data-title=\"lingot\" data-description=\" \"><img class=\"ngg-singlepic ngg-left alignleft\" src=\"https:\/\/www.fetedufromage.be\/wp-content\/gallery\/laureat-2017\/thumbs\/thumbs_lingot.png\" alt=\"lingot\" \/><\/a><strong>Harz\u00e9 d&#8217;Argent: le Lingot<\/strong><br \/>\nFromagerie du Samson \u2013 Vincent Verleyen<br \/>\nChauss\u00e9e de Gramptinne 37 \u2013 5340 Gesves<br \/>\n081\/58 36 66 \u2013 www.fromageriedusamson.com<\/p>\n<h3>Schapenmelk<\/h3>\n<p><strong><a class=\"ngg-fancybox\" title=\" \" href=\"https:\/\/www.fetedufromage.be\/wp-content\/gallery\/laureat-2017\/tiesse-di-fou.png\" rel=\"\" data-image-id=\"409\" data-src=\"https:\/\/www.fetedufromage.be\/wp-content\/gallery\/laureat-2017\/tiesse-di-fou.png\" data-thumbnail=\"https:\/\/www.fetedufromage.be\/wp-content\/gallery\/laureat-2017\/thumbs\/thumbs_tiesse-di-fou.png\" data-title=\"tiesse-di-fou\" data-description=\" \"><img class=\"ngg-singlepic ngg-left alignleft\" src=\"https:\/\/www.fetedufromage.be\/wp-content\/gallery\/laureat-2017\/thumbs\/thumbs_tiesse-di-fou.png\" alt=\"tiesse-di-fou\" \/><\/a>Harz\u00e9 d&#8217;Or:\u00a0Tiesse di Fou<\/strong><br \/>\nFromagerie du Samson \u2013 Vincent Verleyen<br \/>\nChauss\u00e9e de Gramptinne 37 \u2013 5340 Gesves<br \/>\n081\/58 36 66 \u2013 www.fromageriedusamson.com<br \/>\n<a class=\"ngg-fancybox\" title=\" \" href=\"https:\/\/www.fetedufromage.be\/wp-content\/gallery\/laureat-2017\/tomme-brebis-nature.png\" rel=\"\" data-image-id=\"410\" data-src=\"https:\/\/www.fetedufromage.be\/wp-content\/gallery\/laureat-2017\/tomme-brebis-nature.png\" data-thumbnail=\"https:\/\/www.fetedufromage.be\/wp-content\/gallery\/laureat-2017\/thumbs\/thumbs_tomme-brebis-nature.png\" data-title=\"tomme-brebis-nature\" data-description=\" \"><img class=\"ngg-singlepic ngg-left alignleft\" src=\"https:\/\/www.fetedufromage.be\/wp-content\/gallery\/laureat-2017\/thumbs\/thumbs_tomme-brebis-nature.png\" alt=\"tomme-brebis-nature\" \/><\/a><strong>Harz\u00e9 d&#8217;Argent: la tomme de brebis nature<\/strong><br \/>\nCh\u00e8vrerie des Saules \u2013 Clarisse Van Thielen<br \/>\nAll\u00e9e Centrale 90 \u2013 6040 Jumet<br \/>\n0475\/61 71 71 \u2013 www.chevreriedessaules.be<br \/>\n<strong>BLAUWE KAZEN<\/strong><br \/>\n<a class=\"ngg-fancybox\" title=\" \" href=\"https:\/\/www.fetedufromage.be\/wp-content\/gallery\/laureat-2017\/bleu-bouleau.png\" rel=\"\" data-image-id=\"391\" data-src=\"https:\/\/www.fetedufromage.be\/wp-content\/gallery\/laureat-2017\/bleu-bouleau.png\" data-thumbnail=\"https:\/\/www.fetedufromage.be\/wp-content\/gallery\/laureat-2017\/thumbs\/thumbs_bleu-bouleau.png\" data-title=\"bleu-bouleau\" data-description=\" \"><img class=\"ngg-singlepic ngg-left alignleft\" src=\"https:\/\/www.fetedufromage.be\/wp-content\/gallery\/laureat-2017\/thumbs\/thumbs_bleu-bouleau.png\" alt=\"bleu-bouleau\" \/><\/a><strong>Harz\u00e9 d&#8217;Or: le Bleu Bouleau<\/strong><br \/>\nFerme des 30 bouleaux \u2013 Philippe Vastrade et Marie-France Roelandts<br \/>\nRue Solbreucq 6 \u2013 7863 Ghoy<br \/>\n0473\/82 14 15<br \/>\n<a class=\"ngg-fancybox\" title=\" \" href=\"https:\/\/www.fetedufromage.be\/wp-content\/gallery\/laureat-2017\/bleu-d-ath.png\" rel=\"\" data-image-id=\"392\" data-src=\"https:\/\/www.fetedufromage.be\/wp-content\/gallery\/laureat-2017\/bleu-d-ath.png\" data-thumbnail=\"https:\/\/www.fetedufromage.be\/wp-content\/gallery\/laureat-2017\/thumbs\/thumbs_bleu-d-ath.png\" data-title=\"bleu-d-ath\" data-description=\" \"><img class=\"ngg-singlepic ngg-left alignleft\" src=\"https:\/\/www.fetedufromage.be\/wp-content\/gallery\/laureat-2017\/thumbs\/thumbs_bleu-d-ath.png\" alt=\"bleu-d-ath\" \/><\/a><strong>Harz\u00e9 d&#8217;Argent: le Bleu d\u2019Ath<\/strong><br \/>\nFromagerie-\u00c9cole du CARAH<br \/>\nRue de l\u2019Agriculture 301 \u2013 7800 Ath<br \/>\n068\/26 46 30 \u2013 www.carah.be<\/p>","protected":false},"excerpt":{"rendered":"<p>&nbsp; KAAS VAN HET JAAR 2017: LE CARRE DE L&#8217;ENCLUS Bruno Hespel heeft zijn accountantsberoep verlaten om zich bezig te houden met het fokken van geiten. Op de familieboerderij in Amougies, in de provincie Henegouwen, maakt hij kaas, roomijs, boter en andere producten van de melk. Hij hecht groot belang\u2026<\/p>\n<p> <a class=\"continue-reading-link\" href=\"https:\/\/www.fetedufromage.be\/nl\/concours-fromages-de-wallonie-laureats-2017\/\"><span>Meer lezen<\/span><i class=\"crycon-right-dir\"><\/i><\/a> <\/p>\n","protected":false},"author":1,"featured_media":1454,"parent":0,"menu_order":0,"comment_status":"closed","ping_status":"closed","template":"","meta":{"ngg_post_thumbnail":0},"yoast_head":"<!-- This site is optimized with the Yoast SEO plugin v14.3 - https:\/\/yoast.com\/wordpress\/plugins\/seo\/ -->\n<title>Waalse kazenwedstrijd: winnaars 2017 - Kazenfeest<\/title>\n<meta name=\"robots\" content=\"index, follow\" \/>\n<meta name=\"googlebot\" content=\"index, follow, max-snippet:-1, max-image-preview:large, max-video-preview:-1\" \/>\n<meta name=\"bingbot\" content=\"index, follow, max-snippet:-1, max-image-preview:large, max-video-preview:-1\" \/>\n<link rel=\"canonical\" href=\"https:\/\/www.fetedufromage.be\/concours-fromages-de-wallonie-laureats-2017\/\" \/>\n<meta property=\"og:locale\" content=\"nl_NL\" \/>\n<meta property=\"og:type\" content=\"article\" \/>\n<meta property=\"og:title\" content=\"Waalse kazenwedstrijd: winnaars 2017 - Kazenfeest\" \/>\n<meta property=\"og:description\" content=\"&nbsp; KAAS VAN HET JAAR 2017: LE CARRE DE L&#8217;ENCLUS Bruno Hespel heeft zijn accountantsberoep verlaten om zich bezig te houden met het fokken van geiten. Op de familieboerderij in Amougies, in de provincie Henegouwen, maakt hij kaas, roomijs, boter en andere producten van de melk. Hij hecht groot belang\u2026 Meer lezen\" \/>\n<meta property=\"og:url\" content=\"https:\/\/www.fetedufromage.be\/concours-fromages-de-wallonie-laureats-2017\/\" \/>\n<meta property=\"og:site_name\" content=\"Kazenfeest\" \/>\n<meta property=\"article:modified_time\" content=\"2018-05-29T09:58:39+00:00\" \/>\n<meta property=\"og:image\" content=\"https:\/\/www.fetedufromage.be\/wp-content\/uploads\/2017\/06\/laureats2017-1024x768.jpg\" \/>\n\t<meta property=\"og:image:width\" content=\"1024\" \/>\n\t<meta property=\"og:image:height\" content=\"768\" \/>\n<meta name=\"twitter:card\" content=\"summary\" \/>\n<script type=\"application\/ld+json\" class=\"yoast-schema-graph\">{\"@context\":\"https:\/\/schema.org\",\"@graph\":[{\"@type\":\"WebSite\",\"@id\":\"https:\/\/www.fetedufromage.be\/nl\/#website\",\"url\":\"https:\/\/www.fetedufromage.be\/nl\/\",\"name\":\"Kazenfeest\",\"description\":\"\",\"potentialAction\":[{\"@type\":\"SearchAction\",\"target\":\"https:\/\/www.fetedufromage.be\/nl\/?s={search_term_string}\",\"query-input\":\"required name=search_term_string\"}],\"inLanguage\":\"nl\"},{\"@type\":\"ImageObject\",\"@id\":\"https:\/\/www.fetedufromage.be\/concours-fromages-de-wallonie-laureats-2017\/#primaryimage\",\"inLanguage\":\"nl\",\"url\":\"https:\/\/www.fetedufromage.be\/wp-content\/uploads\/2017\/06\/laureats2017.jpg\",\"width\":3264,\"height\":2448,\"caption\":\"Laur\\u00e9ats 2017\"},{\"@type\":\"WebPage\",\"@id\":\"https:\/\/www.fetedufromage.be\/concours-fromages-de-wallonie-laureats-2017\/#webpage\",\"url\":\"https:\/\/www.fetedufromage.be\/concours-fromages-de-wallonie-laureats-2017\/\",\"name\":\"Waalse kazenwedstrijd: winnaars 2017 - Kazenfeest\",\"isPartOf\":{\"@id\":\"https:\/\/www.fetedufromage.be\/nl\/#website\"},\"primaryImageOfPage\":{\"@id\":\"https:\/\/www.fetedufromage.be\/concours-fromages-de-wallonie-laureats-2017\/#primaryimage\"},\"datePublished\":\"2017-06-16T14:10:16+00:00\",\"dateModified\":\"2018-05-29T09:58:39+00:00\",\"inLanguage\":\"nl\",\"potentialAction\":[{\"@type\":\"ReadAction\",\"target\":[\"https:\/\/www.fetedufromage.be\/concours-fromages-de-wallonie-laureats-2017\/\"]}]}]}<\/script>\n<!-- \/ Yoast SEO plugin. -->","_links":{"self":[{"href":"https:\/\/www.fetedufromage.be\/nl\/wp-json\/wp\/v2\/pages\/1449"}],"collection":[{"href":"https:\/\/www.fetedufromage.be\/nl\/wp-json\/wp\/v2\/pages"}],"about":[{"href":"https:\/\/www.fetedufromage.be\/nl\/wp-json\/wp\/v2\/types\/page"}],"author":[{"embeddable":true,"href":"https:\/\/www.fetedufromage.be\/nl\/wp-json\/wp\/v2\/users\/1"}],"replies":[{"embeddable":true,"href":"https:\/\/www.fetedufromage.be\/nl\/wp-json\/wp\/v2\/comments?post=1449"}],"version-history":[{"count":12,"href":"https:\/\/www.fetedufromage.be\/nl\/wp-json\/wp\/v2\/pages\/1449\/revisions"}],"predecessor-version":[{"id":2083,"href":"https:\/\/www.fetedufromage.be\/nl\/wp-json\/wp\/v2\/pages\/1449\/revisions\/2083"}],"wp:featuredmedia":[{"embeddable":true,"href":"https:\/\/www.fetedufromage.be\/nl\/wp-json\/wp\/v2\/media\/1454"}],"wp:attachment":[{"href":"https:\/\/www.fetedufromage.be\/nl\/wp-json\/wp\/v2\/media?parent=1449"}],"curies":[{"name":"wp","href":"https:\/\/api.w.org\/{rel}","templated":true}]}}