{"id":955,"date":"2016-06-21T15:25:12","date_gmt":"2016-06-21T14:25:12","guid":{"rendered":"http:\/\/www.fetedufromage.be\/?page_id=955"},"modified":"2018-05-29T14:52:20","modified_gmt":"2018-05-29T13:52:20","slug":"concours-fromages-de-wallonie-laureats-2016","status":"publish","type":"page","link":"https:\/\/www.fetedufromage.be\/de\/concours-fromages-de-wallonie-laureats-2016\/","title":{"rendered":"Wallonischer K\u00e4sewettbewerb: Gewinner 2016"},"content":{"rendered":"<p><\/p>\n<div>\n<h3>K\u00c4SE DES JAHRES\u00a02016<\/h3>\n<\/div>\n<div>\n<table border=\"0\" width=\"1321\" cellspacing=\"0\" cellpadding=\"0\">\n<tbody>\n<tr valign=\"top\">\n<td width=\"50%\"><strong>Moinette au malt et au houblon<\/strong><br \/>\n<a href=\"https:\/\/www.fetedufromage.be\/wp-content\/gallery\/Laur%C3%A9ats-2016\/thumbs\/thumbs_09-moinette-malt-houblon.png\"><img loading=\"lazy\" class=\"ngg-singlepic ngg-none alignnone\" src=\"https:\/\/www.fetedufromage.be\/wp-content\/gallery\/Laur%C3%A9ats-2016\/thumbs\/thumbs_09-moinette-malt-houblon.png\" alt=\"09-moinette-malt-houblon\" width=\"120\" height=\"90\" \/><\/a><\/td>\n<td><strong>Brasserie Dupont<\/strong><br \/>\n<strong>Pascale Wauthoz<\/strong><br \/>\n<strong>Rue Basse, 5 &#8211; 7904 Tourpes<\/strong><br \/>\n<strong><a href=\"http:\/\/www.brasserie-dupont.com\/\" target=\"_blank\">www.brasserie-dupont.com<\/a><\/strong><\/td>\n<\/tr>\n<\/tbody>\n<\/table>\n<hr \/>\n<p><img loading=\"lazy\" class=\" alignleft\" src=\"https:\/\/www.fetedufromage.be\/images\/Harze_Or.jpg\" alt=\"\" width=\"90\" height=\"90\" \/><\/p>\n<\/div>\n<div>\n<p><strong>Preis der Wallonischen Region \u2013 Harz\u00e9 d\u2019Or :<\/strong><br \/>\n<strong>Jurypr\u00e4sident: M. L\u00e9on Duysens,<\/strong><br \/>\n<strong>Comit\u00e9 de Soutien des Fromages de Wallonie<\/strong><\/p>\n<\/div>\n<h3>K\u00c4SE AUS KUHMILCH<\/h3>\n<h4>Frischk\u00e4se:<\/h4>\n<table border=\"0\" width=\"100%\" cellspacing=\"0\" cellpadding=\"0\">\n<tbody>\n<tr valign=\"top\">\n<td width=\"50%\">Maqu\u00e9e artisanale Val-Dieu<br \/>\n<a class=\"ngg-fancybox\" title=\" \" href=\"https:\/\/www.fetedufromage.be\/wp-content\/gallery\/Laur%C3%A9ats-2016\/01-maquee-val-dieu.png\" rel=\"\" data-image-id=\"241\" data-src=\"https:\/\/www.fetedufromage.be\/wp-content\/gallery\/Laur%C3%A9ats-2016\/01-maquee-val-dieu.png\" data-thumbnail=\"https:\/\/www.fetedufromage.be\/wp-content\/gallery\/Laur%C3%A9ats-2016\/thumbs\/thumbs_01-maquee-val-dieu.png\" data-title=\"01-maquee-val-dieu\" data-description=\" \"><img class=\"ngg-singlepic ngg-none\" src=\"https:\/\/www.fetedufromage.be\/wp-content\/gallery\/Laur%C3%A9ats-2016\/thumbs\/thumbs_01-maquee-val-dieu.png\" alt=\"01-maquee-val-dieu\" \/><\/a><\/td>\n<td>Fromagerie R\u00e9gal<br \/>\nDamien Bruwier<br \/>\nRue Derri\u00e8re les Jardins 8<br \/>\n4610 Queue-du-Bois<br \/>\n<a href=\"mailto:damien@fromagerie-regal.be\" target=\"_blank\">damien@fromagerie-regal.be<\/a><\/td>\n<\/tr>\n<\/tbody>\n<\/table>\n<h4>Aromatisierter Frischk\u00e4se:<\/h4>\n<table border=\"0\" width=\"100%\" cellspacing=\"0\" cellpadding=\"0\">\n<tbody>\n<tr valign=\"top\">\n<td width=\"50%\">Ciboulette \u00e9chalote<br \/>\n<a class=\"ngg-fancybox\" title=\" \" href=\"https:\/\/www.fetedufromage.be\/wp-content\/gallery\/Laur%C3%A9ats-2016\/03-cib-echalotte.png\" rel=\"\" data-image-id=\"243\" data-src=\"https:\/\/www.fetedufromage.be\/wp-content\/gallery\/Laur%C3%A9ats-2016\/03-cib-echalotte.png\" data-thumbnail=\"https:\/\/www.fetedufromage.be\/wp-content\/gallery\/Laur%C3%A9ats-2016\/thumbs\/thumbs_03-cib-echalotte.png\" data-title=\"03-cib-echalotte\" data-description=\" \"><img class=\"ngg-singlepic ngg-none\" src=\"https:\/\/www.fetedufromage.be\/wp-content\/gallery\/Laur%C3%A9ats-2016\/thumbs\/thumbs_03-cib-echalotte.png\" alt=\"03-cib-echalotte\" \/><\/a><\/td>\n<td>Ferme de la Grosse Haie<br \/>\nChristine DeGroote<br \/>\nRoute de Fosses, 222 &#8211; 5060 Arsimont<br \/>\n0495 93 43 73<\/td>\n<\/tr>\n<\/tbody>\n<\/table>\n<h4>Weichk\u00e4se mit gewaschener Rinde:<\/h4>\n<table border=\"0\" width=\"100%\" cellspacing=\"0\" cellpadding=\"0\">\n<tbody>\n<tr valign=\"top\">\n<td width=\"50%\">Val-Dieu Grand Cru<br \/>\n<a class=\"ngg-fancybox\" title=\" \" href=\"https:\/\/www.fetedufromage.be\/wp-content\/gallery\/Laur%C3%A9ats-2016\/05-valdieu-grand-cru.png\" rel=\"\" data-image-id=\"245\" data-src=\"https:\/\/www.fetedufromage.be\/wp-content\/gallery\/Laur%C3%A9ats-2016\/05-valdieu-grand-cru.png\" data-thumbnail=\"https:\/\/www.fetedufromage.be\/wp-content\/gallery\/Laur%C3%A9ats-2016\/thumbs\/thumbs_05-valdieu-grand-cru.png\" data-title=\"05-valdieu-grand-cru\" data-description=\" \"><img class=\"ngg-singlepic ngg-none\" src=\"https:\/\/www.fetedufromage.be\/wp-content\/gallery\/Laur%C3%A9ats-2016\/thumbs\/thumbs_05-valdieu-grand-cru.png\" alt=\"05-valdieu-grand-cru\" \/><\/a><\/td>\n<td>Herve Soci\u00e9t\u00e9<br \/>\nJean-Marc Cabay<br \/>\nRue de Charneux 32<br \/>\n4650 Herve<br \/>\n<a href=\"mailto:jmcabay@herve-societe.be\" target=\"_blank\">jmcabay@herve-societe.be<\/a><\/td>\n<\/tr>\n<\/tbody>\n<\/table>\n<h4>Weichk\u00e4se mit wei\u00dfem Edelpilz:<\/h4>\n<table border=\"0\" width=\"100%\" cellspacing=\"0\" cellpadding=\"0\">\n<tbody>\n<tr valign=\"top\">\n<td width=\"50%\">Samson aux fleurs<br \/>\n<a class=\"ngg-fancybox\" title=\" \" href=\"https:\/\/www.fetedufromage.be\/wp-content\/gallery\/Laur%C3%A9ats-2016\/07-samson-fleurs.png\" rel=\"\" data-image-id=\"247\" data-src=\"https:\/\/www.fetedufromage.be\/wp-content\/gallery\/Laur%C3%A9ats-2016\/07-samson-fleurs.png\" data-thumbnail=\"https:\/\/www.fetedufromage.be\/wp-content\/gallery\/Laur%C3%A9ats-2016\/thumbs\/thumbs_07-samson-fleurs.png\" data-title=\"07-samson-fleurs\" data-description=\" \"><img class=\"ngg-singlepic ngg-none\" src=\"https:\/\/www.fetedufromage.be\/wp-content\/gallery\/Laur%C3%A9ats-2016\/thumbs\/thumbs_07-samson-fleurs.png\" alt=\"07-samson-fleurs\" \/><\/a><\/td>\n<td>Fromagerie du Samson<br \/>\nVincent Verleyen<br \/>\nChauss\u00e9e de Gramptinne, 37<br \/>\n5340 Gesves<br \/>\n<a href=\"http:\/\/www.fromageriedusamson.com\" target=\"_blank\">www.fromageriedusamson.com<\/a><\/td>\n<\/tr>\n<\/tbody>\n<\/table>\n<h4>Halbfester Schnittk\u00e4se:<\/h4>\n<table border=\"0\" width=\"100%\" cellspacing=\"0\" cellpadding=\"0\">\n<tbody>\n<tr valign=\"top\">\n<td width=\"50%\" height=\"75\">Moinette au malt et au houblon<br \/>\n<a href=\"https:\/\/www.fetedufromage.be\/wp-content\/gallery\/Laur%C3%A9ats-2016\/thumbs\/thumbs_09-moinette-malt-houblon.png\"><img loading=\"lazy\" class=\"ngg-singlepic ngg-none alignnone\" src=\"https:\/\/www.fetedufromage.be\/wp-content\/gallery\/Laur%C3%A9ats-2016\/thumbs\/thumbs_09-moinette-malt-houblon.png\" alt=\"09-moinette-malt-houblon\" width=\"120\" height=\"90\" \/><\/a><\/td>\n<td>Brasserie Dupont<br \/>\nPascale Wauthoz<br \/>\nRue Basse, 5 &#8211; 7904 Tourpes<br \/>\n<a href=\"http:\/\/www.brasserie-dupont.com\" target=\"_blank\">www.brasserie-dupont.com<\/a><\/td>\n<\/tr>\n<\/tbody>\n<\/table>\n<h4>Fester Schnittk\u00e4se:<\/h4>\n<table border=\"0\" width=\"100%\" cellspacing=\"0\" cellpadding=\"0\">\n<tbody>\n<tr valign=\"top\">\n<td width=\"50%\" height=\"75\">La Tome de Tavys<br \/>\n<a class=\"ngg-fancybox\" title=\" \" href=\"https:\/\/www.fetedufromage.be\/wp-content\/gallery\/Laur%C3%A9ats-2016\/12-tomme-tavys.png\" rel=\"\" data-image-id=\"252\" data-src=\"https:\/\/www.fetedufromage.be\/wp-content\/gallery\/Laur%C3%A9ats-2016\/12-tomme-tavys.png\" data-thumbnail=\"https:\/\/www.fetedufromage.be\/wp-content\/gallery\/Laur%C3%A9ats-2016\/thumbs\/thumbs_12-tomme-tavys.png\" data-title=\"12-tomme-tavys\" data-description=\" \"><img class=\"ngg-singlepic ngg-none\" src=\"https:\/\/www.fetedufromage.be\/wp-content\/gallery\/Laur%C3%A9ats-2016\/thumbs\/thumbs_12-tomme-tavys.png\" alt=\"12-tomme-tavys\" \/><\/a><\/td>\n<td>Le Plateau du Gerny<br \/>\nAnne Walhin-Lecailli\u00e9 et Viviane Evrard<br \/>\nRue de Tavys, 29 &#8211; 6900 Aye<br \/>\n<a href=\"http:\/\/www.leplateaudugerny.be\" target=\"_blank\">www.leplateaudugerny.be<\/a><\/td>\n<\/tr>\n<\/tbody>\n<\/table>\n<h3>K\u00c4SE AUS ZIEGENMILCH<\/h3>\n<h4>Ziegenfrischk\u00e4se Natur<\/h4>\n<table border=\"0\" width=\"100%\" cellspacing=\"0\" cellpadding=\"0\">\n<tbody>\n<tr valign=\"top\">\n<td width=\"50%\">Le Crottin<br \/>\n<a class=\"ngg-fancybox\" title=\" \" href=\"https:\/\/www.fetedufromage.be\/wp-content\/gallery\/Laur%C3%A9ats-2016\/14-crottin-ozo.png\" rel=\"\" data-image-id=\"254\" data-src=\"https:\/\/www.fetedufromage.be\/wp-content\/gallery\/Laur%C3%A9ats-2016\/14-crottin-ozo.png\" data-thumbnail=\"https:\/\/www.fetedufromage.be\/wp-content\/gallery\/Laur%C3%A9ats-2016\/thumbs\/thumbs_14-crottin-ozo.png\" data-title=\"14-crottin-ozo\" data-description=\" \"><img class=\"ngg-singlepic ngg-none\" src=\"https:\/\/www.fetedufromage.be\/wp-content\/gallery\/Laur%C3%A9ats-2016\/thumbs\/thumbs_14-crottin-ozo.png\" alt=\"14-crottin-ozo\" \/><\/a><\/td>\n<td>Ch\u00e8vrerie d&#8217;Ozo<br \/>\nBernard Feldmann<br \/>\nChemin du Meunier, 26 &#8211; 6941 Izier<br \/>\n<a href=\"http:\/\/www.chevreriedozo.be\" target=\"_blank\">www.chevreriedozo.be<\/a><\/td>\n<\/tr>\n<\/tbody>\n<\/table>\n<h4>Aromatisierter Ziegenfrischk\u00e4se:<\/h4>\n<table border=\"0\" width=\"100%\" cellspacing=\"0\" cellpadding=\"0\">\n<tbody>\n<tr valign=\"top\">\n<td width=\"50%\">Coeur \u00e9pic\u00e9 de l&#8217;Enclus<br \/>\n<a class=\"ngg-fancybox\" title=\" \" href=\"https:\/\/www.fetedufromage.be\/wp-content\/gallery\/Laur%C3%A9ats-2016\/16-coeur-epice-enclus.png\" rel=\"\" data-image-id=\"256\" data-src=\"https:\/\/www.fetedufromage.be\/wp-content\/gallery\/Laur%C3%A9ats-2016\/16-coeur-epice-enclus.png\" data-thumbnail=\"https:\/\/www.fetedufromage.be\/wp-content\/gallery\/Laur%C3%A9ats-2016\/thumbs\/thumbs_16-coeur-epice-enclus.png\" data-title=\"16-coeur-epice-enclus\" data-description=\" \"><img class=\"ngg-singlepic ngg-none\" src=\"https:\/\/www.fetedufromage.be\/wp-content\/gallery\/Laur%C3%A9ats-2016\/thumbs\/thumbs_16-coeur-epice-enclus.png\" alt=\"16-coeur-epice-enclus\" \/><\/a><\/td>\n<td>Ch\u00e8vrerie de l&#8217;Enclus<br \/>\nBruno Hespel<br \/>\nRue Saint-Pierre, 2 &#8211; 7750 Amougies<br \/>\n<a href=\"mailto:bruno.hespel@skynet.be\" target=\"_blank\">bruno.hespel@skynet.be<\/a><\/td>\n<\/tr>\n<\/tbody>\n<\/table>\n<h4>Ziegenk\u00e4se anderer Kategorien<\/h4>\n<table border=\"0\" width=\"100%\" cellspacing=\"0\" cellpadding=\"0\">\n<tbody>\n<tr valign=\"top\">\n<td width=\"50%\">Le Caprice de Chevron<br \/>\n<a class=\"ngg-fancybox\" title=\" \" href=\"https:\/\/www.fetedufromage.be\/wp-content\/gallery\/Laur%C3%A9ats-2016\/18-caprice-chevron.png\" rel=\"\" data-image-id=\"258\" data-src=\"https:\/\/www.fetedufromage.be\/wp-content\/gallery\/Laur%C3%A9ats-2016\/18-caprice-chevron.png\" data-thumbnail=\"https:\/\/www.fetedufromage.be\/wp-content\/gallery\/Laur%C3%A9ats-2016\/thumbs\/thumbs_18-caprice-chevron.png\" data-title=\"18-caprice-chevron\" data-description=\" \"><img class=\"ngg-singlepic ngg-none\" src=\"https:\/\/www.fetedufromage.be\/wp-content\/gallery\/Laur%C3%A9ats-2016\/thumbs\/thumbs_18-caprice-chevron.png\" alt=\"18-caprice-chevron\" \/><\/a><\/td>\n<td>Fromagerie des Ardennes<br \/>\nMarc Rosen<br \/>\nAll\u00e9e de W\u00e9somont, 10 &#8211; 4190 Werbomont<br \/>\n<a href=\"http:\/\/www.bioferme.be\" target=\"_blank\">www.bioferme.be<\/a><\/td>\n<\/tr>\n<\/tbody>\n<\/table>\n<h3>K\u00c4SE AUS SCHAFSMILCH<\/h3>\n<table border=\"0\" width=\"100%\" cellspacing=\"0\" cellpadding=\"0\">\n<tbody>\n<tr valign=\"top\">\n<td width=\"50%\">L\u2019Oeillet du Ch\u00e2teau<br \/>\n<a class=\"ngg-fancybox\" title=\" \" href=\"https:\/\/www.fetedufromage.be\/wp-content\/gallery\/Laur%C3%A9ats-2016\/20-oeillet-chateau.png\" rel=\"\" data-image-id=\"260\" data-src=\"https:\/\/www.fetedufromage.be\/wp-content\/gallery\/Laur%C3%A9ats-2016\/20-oeillet-chateau.png\" data-thumbnail=\"https:\/\/www.fetedufromage.be\/wp-content\/gallery\/Laur%C3%A9ats-2016\/thumbs\/thumbs_20-oeillet-chateau.png\" data-title=\"20-oeillet-chateau\" data-description=\" \"><img class=\"ngg-singlepic ngg-none\" src=\"https:\/\/www.fetedufromage.be\/wp-content\/gallery\/Laur%C3%A9ats-2016\/thumbs\/thumbs_20-oeillet-chateau.png\" alt=\"20-oeillet-chateau\" \/><\/a><\/td>\n<td>La Bergerie d&#8217;Acremont<br \/>\nBarbara et Peter De Cock-Vissenaekens<br \/>\nRue de Bernifa, 17 &#8211; 6880 Acremont<br \/>\n<a href=\"http:\/\/www.bergerie-acremont.be\" target=\"_blank\">www.bergerie-acremont.be<\/a><\/td>\n<\/tr>\n<\/tbody>\n<\/table>\n<div>\n<h3>BLAUSCHIMMELK\u00c4SE<\/h3>\n<table border=\"0\" width=\"100%\" cellspacing=\"0\" cellpadding=\"0\">\n<tbody>\n<tr valign=\"top\">\n<td width=\"50%\">Bleu des Grottes Brebis<br \/>\n<a class=\"ngg-fancybox\" title=\" \" href=\"https:\/\/www.fetedufromage.be\/wp-content\/gallery\/Laur%C3%A9ats-2016\/22-bleu-des-grottes.png\" rel=\"\" data-image-id=\"262\" data-src=\"https:\/\/www.fetedufromage.be\/wp-content\/gallery\/Laur%C3%A9ats-2016\/22-bleu-des-grottes.png\" data-thumbnail=\"https:\/\/www.fetedufromage.be\/wp-content\/gallery\/Laur%C3%A9ats-2016\/thumbs\/thumbs_22-bleu-des-grottes.png\" data-title=\"22-bleu-des-grottes\" data-description=\" \"><img class=\"ngg-singlepic ngg-none\" src=\"https:\/\/www.fetedufromage.be\/wp-content\/gallery\/Laur%C3%A9ats-2016\/thumbs\/thumbs_22-bleu-des-grottes.png\" alt=\"22-bleu-des-grottes\" \/><\/a><\/td>\n<td>Fromagerie du Samson<br \/>\nVincent Verleyen<br \/>\nChauss\u00e9e de Gramptinne, 37 &#8211; 5340 Gesves<br \/>\n<a href=\"http:\/\/www.fromageriedusamson.com\" target=\"_blank\">www.fromageriedusamson.com<\/a><\/td>\n<\/tr>\n<\/tbody>\n<\/table>\n<hr \/>\n<p><img loading=\"lazy\" class=\" alignleft\" src=\"https:\/\/www.fetedufromage.be\/images\/Harze_Argent.jpg\" alt=\"\" width=\"90\" height=\"90\" \/><strong>Preis der Wallonischen Region\u00a0\u2013 Harz\u00e9 d\u2019Argent :<\/strong><br \/>\n<strong>Jurypr\u00e4sident:\u00a0M. L\u00e9on Duysens,<\/strong><br \/>\n<strong>Comit\u00e9 de Soutien des Fromages de Wallonie<\/strong><\/p>\n<\/div>\n<div><\/div>\n<div><\/div>\n<h3>K\u00c4SE AUS KUHMILCH<\/h3>\n<h4>Frischk\u00e4se:<\/h4>\n<table border=\"0\" width=\"100%\" cellspacing=\"0\" cellpadding=\"0\">\n<tbody>\n<tr valign=\"top\">\n<td width=\"50%\">Bidelot nature<br \/>\n<a class=\"ngg-fancybox\" title=\" \" href=\"https:\/\/www.fetedufromage.be\/wp-content\/gallery\/Laur%C3%A9ats-2016\/02-bidelot-nature.png\" rel=\"\" data-image-id=\"242\" data-src=\"https:\/\/www.fetedufromage.be\/wp-content\/gallery\/Laur%C3%A9ats-2016\/02-bidelot-nature.png\" data-thumbnail=\"https:\/\/www.fetedufromage.be\/wp-content\/gallery\/Laur%C3%A9ats-2016\/thumbs\/thumbs_02-bidelot-nature.png\" data-title=\"02-bidelot-nature\" data-description=\" \"><img class=\"ngg-singlepic ngg-none\" src=\"https:\/\/www.fetedufromage.be\/wp-content\/gallery\/Laur%C3%A9ats-2016\/thumbs\/thumbs_02-bidelot-nature.png\" alt=\"02-bidelot-nature\" \/><\/a><\/td>\n<td>Fromagerie R\u00e9gal<br \/>\nDamien Bruwier<br \/>\nRue Derri\u00e8re les Jardins 8<br \/>\n4610 Queue-du-Bois<br \/>\n<a href=\"mailto:damien@fromagerie-regal.be\" target=\"_blank\">damien@fromagerie-regal.be<\/a><\/td>\n<\/tr>\n<\/tbody>\n<\/table>\n<h4>Aromatisierter Frischk\u00e4se:<\/h4>\n<table border=\"0\" width=\"100%\" cellspacing=\"0\" cellpadding=\"0\">\n<tbody>\n<tr valign=\"top\">\n<td width=\"50%\">Bidelot fines herbes<br \/>\n<a class=\"ngg-fancybox\" title=\" \" href=\"https:\/\/www.fetedufromage.be\/wp-content\/gallery\/Laur%C3%A9ats-2016\/04-bidelot-fines-herbes.png\" rel=\"\" data-image-id=\"244\" data-src=\"https:\/\/www.fetedufromage.be\/wp-content\/gallery\/Laur%C3%A9ats-2016\/04-bidelot-fines-herbes.png\" data-thumbnail=\"https:\/\/www.fetedufromage.be\/wp-content\/gallery\/Laur%C3%A9ats-2016\/thumbs\/thumbs_04-bidelot-fines-herbes.png\" data-title=\"04-bidelot-fines-herbes\" data-description=\" \"><img class=\"ngg-singlepic ngg-none\" src=\"https:\/\/www.fetedufromage.be\/wp-content\/gallery\/Laur%C3%A9ats-2016\/thumbs\/thumbs_04-bidelot-fines-herbes.png\" alt=\"04-bidelot-fines-herbes\" \/><\/a><\/td>\n<td>Fromagerie R\u00e9gal<br \/>\nDamien Bruwier<br \/>\nRue Derri\u00e8re les Jardins 8<br \/>\n4610 Queue-du-Bois<br \/>\n<a href=\"mailto:damien@fromagerie-regal.be\">damien@fromagerie-regal.be<\/a><\/td>\n<\/tr>\n<\/tbody>\n<\/table>\n<h4>Weichk\u00e4se mit gewaschener Rinde:<\/h4>\n<table border=\"0\" width=\"100%\" cellspacing=\"0\" cellpadding=\"0\">\n<tbody>\n<tr valign=\"top\">\n<td width=\"50%\">Herve L&#8217;Exquis piquant<br \/>\n<a class=\"ngg-fancybox\" title=\" \" href=\"https:\/\/www.fetedufromage.be\/wp-content\/gallery\/Laur%C3%A9ats-2016\/06-lexquis-piquant.png\" rel=\"\" data-image-id=\"246\" data-src=\"https:\/\/www.fetedufromage.be\/wp-content\/gallery\/Laur%C3%A9ats-2016\/06-lexquis-piquant.png\" data-thumbnail=\"https:\/\/www.fetedufromage.be\/wp-content\/gallery\/Laur%C3%A9ats-2016\/thumbs\/thumbs_06-lexquis-piquant.png\" data-title=\"06-lexquis-piquant\" data-description=\" \"><img class=\"ngg-singlepic ngg-none\" src=\"https:\/\/www.fetedufromage.be\/wp-content\/gallery\/Laur%C3%A9ats-2016\/thumbs\/thumbs_06-lexquis-piquant.png\" alt=\"06-lexquis-piquant\" \/><\/a><\/td>\n<td>Herve Soci\u00e9t\u00e9<br \/>\nJean-Marc Cabay<br \/>\nRue de Charneux 32<br \/>\n4650 Herve<br \/>\n<a href=\"mailto:jmcabay@herve-societe.be\">jmcabay@herve-societe.be<\/a><\/td>\n<\/tr>\n<\/tbody>\n<\/table>\n<h4>Weichk\u00e4se mit wei\u00dfem Edelpilz:<\/h4>\n<table border=\"0\" width=\"100%\" cellspacing=\"0\" cellpadding=\"0\">\n<tbody>\n<tr valign=\"top\">\n<td width=\"50%\">Le Fleuri<br \/>\n<a class=\"ngg-fancybox\" title=\" \" href=\"https:\/\/www.fetedufromage.be\/wp-content\/gallery\/Laur%C3%A9ats-2016\/08-lefleuri.png\" rel=\"\" data-image-id=\"248\" data-src=\"https:\/\/www.fetedufromage.be\/wp-content\/gallery\/Laur%C3%A9ats-2016\/08-lefleuri.png\" data-thumbnail=\"https:\/\/www.fetedufromage.be\/wp-content\/gallery\/Laur%C3%A9ats-2016\/thumbs\/thumbs_08-lefleuri.png\" data-title=\"08-lefleuri\" data-description=\" \"><img class=\"ngg-singlepic ngg-none\" src=\"https:\/\/www.fetedufromage.be\/wp-content\/gallery\/Laur%C3%A9ats-2016\/thumbs\/thumbs_08-lefleuri.png\" alt=\"08-lefleuri\" \/><\/a><\/td>\n<td>Ferme de la Grosse Haie<br \/>\nChristine DeGroote<br \/>\nRoute de Fosses, 222 &#8211; 5060 Arsimont<br \/>\n0495 93 43 73<\/td>\n<\/tr>\n<\/tbody>\n<\/table>\n<h4>Halbfester Schnittk\u00e4se:<\/h4>\n<table border=\"0\" width=\"100%\" cellspacing=\"0\" cellpadding=\"0\">\n<tbody>\n<tr valign=\"top\">\n<td width=\"50%\" height=\"75\">Saison Dupont<br \/>\n<a class=\"ngg-fancybox\" title=\" \" href=\"https:\/\/www.fetedufromage.be\/wp-content\/gallery\/Laur%C3%A9ats-2016\/10-saison-dupont.png\" rel=\"\" data-image-id=\"250\" data-src=\"https:\/\/www.fetedufromage.be\/wp-content\/gallery\/Laur%C3%A9ats-2016\/10-saison-dupont.png\" data-thumbnail=\"https:\/\/www.fetedufromage.be\/wp-content\/gallery\/Laur%C3%A9ats-2016\/thumbs\/thumbs_10-saison-dupont.png\" data-title=\"10-saison-dupont\" data-description=\" \"><img class=\"ngg-singlepic ngg-none\" src=\"https:\/\/www.fetedufromage.be\/wp-content\/gallery\/Laur%C3%A9ats-2016\/thumbs\/thumbs_10-saison-dupont.png\" alt=\"10-saison-dupont\" \/><\/a><\/td>\n<td>Brasserie Dupont<br \/>\nPascale Wauthoz<br \/>\nRue Basse, 5 &#8211; 7904 Tourpes<br \/>\n<a href=\"http:\/\/www.brasserie-dupont.com\/\" target=\"_blank\">www.brasserie-dupont.com<\/a><\/td>\n<\/tr>\n<\/tbody>\n<\/table>\n<table style=\"font-size: 12px; line-height: 18px;\" border=\"0\" width=\"100%\" cellspacing=\"0\" cellpadding=\"0\">\n<tbody>\n<tr valign=\"top\">\n<td width=\"50%\" height=\"75\">Le Rosi\u00e8re nature jeune<\/td>\n<td>Ferme de Rosi\u00e8re<br \/>\nTh\u00e9r\u00e8se et Jean Tetelain-Seynaeve<br \/>\nRue Rosi\u00e8re, 91 &#8211; 7532 Beclers<br \/>\n069 54 65 36<\/td>\n<\/tr>\n<\/tbody>\n<\/table>\n<table border=\"0\" width=\"100%\" cellspacing=\"0\" cellpadding=\"0\">\n<tbody>\n<tr valign=\"top\">\n<td width=\"50%\" height=\"75\">Le Val\u00e8t<br \/>\n<a class=\"ngg-fancybox\" title=\" \" href=\"https:\/\/www.fetedufromage.be\/wp-content\/gallery\/Laur%C3%A9ats-2016\/11-valet.png\" rel=\"\" data-image-id=\"251\" data-src=\"https:\/\/www.fetedufromage.be\/wp-content\/gallery\/Laur%C3%A9ats-2016\/11-valet.png\" data-thumbnail=\"https:\/\/www.fetedufromage.be\/wp-content\/gallery\/Laur%C3%A9ats-2016\/thumbs\/thumbs_11-valet.png\" data-title=\"11-valet\" data-description=\" \"><img class=\"ngg-singlepic ngg-none\" src=\"https:\/\/www.fetedufromage.be\/wp-content\/gallery\/Laur%C3%A9ats-2016\/thumbs\/thumbs_11-valet.png\" alt=\"11-valet\" \/><\/a><\/td>\n<td>Fromagerie Le Val\u00e8t<br \/>\nAndreas Keul<br \/>\nRue de la Gare, 13 &#8211; 4950 Waimes<br \/>\n<a href=\"http:\/\/www.levalet.be\" target=\"_blank\">www.levalet.be<\/a><\/td>\n<\/tr>\n<\/tbody>\n<\/table>\n<h4>Fester Schnittk\u00e4se:<\/h4>\n<table border=\"0\" width=\"100%\" cellspacing=\"0\" cellpadding=\"0\">\n<tbody>\n<tr valign=\"top\">\n<td width=\"50%\" height=\"75\">Vieux Li\u00e8ge<br \/>\n<a class=\"ngg-fancybox\" title=\" \" href=\"https:\/\/www.fetedufromage.be\/wp-content\/gallery\/Laur%C3%A9ats-2016\/13-vieux-liege.png\" rel=\"\" data-image-id=\"253\" data-src=\"https:\/\/www.fetedufromage.be\/wp-content\/gallery\/Laur%C3%A9ats-2016\/13-vieux-liege.png\" data-thumbnail=\"https:\/\/www.fetedufromage.be\/wp-content\/gallery\/Laur%C3%A9ats-2016\/thumbs\/thumbs_13-vieux-liege.png\" data-title=\"13-vieux-liege\" data-description=\" \"><img class=\"ngg-singlepic ngg-none\" src=\"https:\/\/www.fetedufromage.be\/wp-content\/gallery\/Laur%C3%A9ats-2016\/thumbs\/thumbs_13-vieux-liege.png\" alt=\"13-vieux-liege\" \/><\/a><\/td>\n<td>Fromagerie Biologique de Vielsalm<br \/>\nDidier Loicq<br \/>\nRue du Vivier, 63 &#8211; 6690 Vielsalm<br \/>\n<a href=\"http:\/\/www.saveursplaisirs.be\" target=\"_blank\">www.saveursplaisirs.be<\/a><\/td>\n<\/tr>\n<\/tbody>\n<\/table>\n<h3>K\u00c4SE AUS ZIEGENK\u00c4SE<\/h3>\n<h4>Ziegenfrischk\u00e4se\u00a0Natur<\/h4>\n<table border=\"0\" width=\"100%\" cellspacing=\"0\" cellpadding=\"0\">\n<tbody>\n<tr valign=\"top\">\n<td width=\"50%\">Le Magerot\u00ee nature<br \/>\n<a class=\"ngg-fancybox\" title=\" \" href=\"https:\/\/www.fetedufromage.be\/wp-content\/gallery\/Laur%C3%A9ats-2016\/15-mageroti.png\" rel=\"\" data-image-id=\"255\" data-src=\"https:\/\/www.fetedufromage.be\/wp-content\/gallery\/Laur%C3%A9ats-2016\/15-mageroti.png\" data-thumbnail=\"https:\/\/www.fetedufromage.be\/wp-content\/gallery\/Laur%C3%A9ats-2016\/thumbs\/thumbs_15-mageroti.png\" data-title=\"15-mageroti\" data-description=\" \"><img class=\"ngg-singlepic ngg-none\" src=\"https:\/\/www.fetedufromage.be\/wp-content\/gallery\/Laur%C3%A9ats-2016\/thumbs\/thumbs_15-mageroti.png\" alt=\"15-mageroti\" \/><\/a><\/td>\n<td>La Ferme d&#8217;Antan<br \/>\nPatrick Dourcy<br \/>\nMagerotte, 5 &#8211; 6680 Tillet<br \/>\n<a href=\"http:\/\/lafermedantan.weebly.com\" target=\"_blank\">lafermedantan.weebly.com<\/a><\/td>\n<\/tr>\n<\/tbody>\n<\/table>\n<h4>Aromatisierter Ziegenfrischk\u00e4se:<\/h4>\n<table border=\"0\" width=\"100%\" cellspacing=\"0\" cellpadding=\"0\">\n<tbody>\n<tr valign=\"top\">\n<td width=\"50%\">Ch\u00e8vre frais \u00e0 la Canadienne<br \/>\n<a class=\"ngg-fancybox\" title=\" \" href=\"https:\/\/www.fetedufromage.be\/wp-content\/gallery\/Laur%C3%A9ats-2016\/17-chevre-canadienne.png\" rel=\"\" data-image-id=\"257\" data-src=\"https:\/\/www.fetedufromage.be\/wp-content\/gallery\/Laur%C3%A9ats-2016\/17-chevre-canadienne.png\" data-thumbnail=\"https:\/\/www.fetedufromage.be\/wp-content\/gallery\/Laur%C3%A9ats-2016\/thumbs\/thumbs_17-chevre-canadienne.png\" data-title=\"17-chevre-canadienne\" data-description=\" \"><img class=\"ngg-singlepic ngg-none\" src=\"https:\/\/www.fetedufromage.be\/wp-content\/gallery\/Laur%C3%A9ats-2016\/thumbs\/thumbs_17-chevre-canadienne.png\" alt=\"17-chevre-canadienne\" \/><\/a><\/td>\n<td>Ch\u00e8vrerie des Saules<br \/>\nClarisse Van Thielen<br \/>\nAll\u00e9e centrale, 90 &#8211; 6040 Jumet<br \/>\n<a href=\"http:\/\/www.chevreriedessaules.be\" target=\"_blank\">www.chevreriedessaules.be<\/a><\/td>\n<\/tr>\n<\/tbody>\n<\/table>\n<h4>Ziegenk\u00e4se anderer Kategorien<\/h4>\n<table border=\"0\" width=\"100%\" cellspacing=\"0\" cellpadding=\"0\">\n<tbody>\n<tr valign=\"top\">\n<td width=\"50%\">Rond&#8217;Haillot<br \/>\n<a class=\"ngg-fancybox\" title=\" \" href=\"https:\/\/www.fetedufromage.be\/wp-content\/gallery\/Laur%C3%A9ats-2016\/19-rond-haillot.png\" rel=\"\" data-image-id=\"259\" data-src=\"https:\/\/www.fetedufromage.be\/wp-content\/gallery\/Laur%C3%A9ats-2016\/19-rond-haillot.png\" data-thumbnail=\"https:\/\/www.fetedufromage.be\/wp-content\/gallery\/Laur%C3%A9ats-2016\/thumbs\/thumbs_19-rond-haillot.png\" data-title=\"19-rond-haillot\" data-description=\" \"><img class=\"ngg-singlepic ngg-none\" src=\"https:\/\/www.fetedufromage.be\/wp-content\/gallery\/Laur%C3%A9ats-2016\/thumbs\/thumbs_19-rond-haillot.png\" alt=\"19-rond-haillot\" \/><\/a><\/td>\n<td>Ch\u00e8vre-Feuille<br \/>\nKathy Lanckriet<br \/>\nVoie des G\u00e9rons, 258 &#8211; 5351 Haillot<br \/>\n<a href=\"http:\/\/www.chevre-feuille.be\" target=\"_blank\">www.chevre-feuille.be<\/a><\/td>\n<\/tr>\n<\/tbody>\n<\/table>\n<h3>K\u00c4SE AUS SCHAFSMILCH<\/h3>\n<table border=\"0\" width=\"100%\" cellspacing=\"0\" cellpadding=\"0\">\n<tbody>\n<tr valign=\"top\">\n<td width=\"50%\">Flocon de Brebis<br \/>\n<a class=\"ngg-fancybox\" title=\" \" href=\"https:\/\/www.fetedufromage.be\/wp-content\/gallery\/Laur%C3%A9ats-2016\/21-flocon-brebis.png\" rel=\"\" data-image-id=\"261\" data-src=\"https:\/\/www.fetedufromage.be\/wp-content\/gallery\/Laur%C3%A9ats-2016\/21-flocon-brebis.png\" data-thumbnail=\"https:\/\/www.fetedufromage.be\/wp-content\/gallery\/Laur%C3%A9ats-2016\/thumbs\/thumbs_21-flocon-brebis.png\" data-title=\"21-flocon-brebis\" data-description=\" \"><img class=\"ngg-singlepic ngg-none\" src=\"https:\/\/www.fetedufromage.be\/wp-content\/gallery\/Laur%C3%A9ats-2016\/thumbs\/thumbs_21-flocon-brebis.png\" alt=\"21-flocon-brebis\" \/><\/a><\/td>\n<td>Fromagerie du Samson<br \/>\nVincent Verleyen<br \/>\nChauss\u00e9e de Gramptinne, 37 &#8211; 5340 Gesves<br \/>\n<a href=\"http:\/\/www.fromageriedusamson.com\" target=\"_blank\">www.fromageriedusamson.com<\/a><\/td>\n<\/tr>\n<\/tbody>\n<\/table>\n<h3>GROSSER PREISE DER PROVINZ L\u00dcTTICH\u00a02016<\/h3>\n<div>\n<table border=\"0\" width=\"100%\" cellspacing=\"0\" cellpadding=\"0\">\n<tbody>\n<tr valign=\"top\">\n<td width=\"50%\">Der Wettbewerb hat noch nicht stattgefunden<\/td>\n<td><\/td>\n<\/tr>\n<\/tbody>\n<\/table>\n<\/div>\n<div>\n<h3>LIBLINGSK\u00c4SE DER\u00a0PRESSE 2016<\/h3>\n<table border=\"0\" width=\"100%\" cellspacing=\"0\" cellpadding=\"0\">\n<tbody>\n<tr valign=\"top\">\n<td width=\"50%\">Le Val\u00e8t<\/td>\n<td><\/td>\n<\/tr>\n<\/tbody>\n<\/table>\n<\/div>\n<p><\/p>","protected":false},"excerpt":{"rendered":"<p>K\u00c4SE DES JAHRES\u00a02016 Moinette au malt et au houblon Brasserie Dupont Pascale Wauthoz Rue Basse, 5 &#8211; 7904 Tourpes www.brasserie-dupont.com Preis der Wallonischen Region \u2013 Harz\u00e9 d\u2019Or : Jurypr\u00e4sident: M. L\u00e9on Duysens, Comit\u00e9 de Soutien des Fromages de Wallonie K\u00c4SE AUS KUHMILCH Frischk\u00e4se: Maqu\u00e9e artisanale Val-Dieu Fromagerie R\u00e9gal Damien Bruwier\u2026<\/p>\n<p> <a class=\"continue-reading-link\" href=\"https:\/\/www.fetedufromage.be\/de\/concours-fromages-de-wallonie-laureats-2016\/\"><span>Weiterlesen<\/span><i class=\"crycon-right-dir\"><\/i><\/a> <\/p>\n","protected":false},"author":1,"featured_media":0,"parent":0,"menu_order":0,"comment_status":"closed","ping_status":"closed","template":"","meta":{"ngg_post_thumbnail":0},"yoast_head":"<!-- This site is optimized with the Yoast SEO plugin v14.3 - https:\/\/yoast.com\/wordpress\/plugins\/seo\/ -->\n<title>Wallonischer K\u00e4sewettbewerb: Gewinner 2016 - K\u00e4sefest<\/title>\n<meta name=\"robots\" content=\"index, follow\" \/>\n<meta name=\"googlebot\" content=\"index, follow, max-snippet:-1, max-image-preview:large, max-video-preview:-1\" \/>\n<meta name=\"bingbot\" content=\"index, follow, max-snippet:-1, max-image-preview:large, max-video-preview:-1\" \/>\n<link rel=\"canonical\" href=\"https:\/\/www.fetedufromage.be\/de\/concours-fromages-de-wallonie-laureats-2016\/\" \/>\n<meta property=\"og:locale\" content=\"de_DE\" \/>\n<meta property=\"og:type\" content=\"article\" \/>\n<meta property=\"og:title\" content=\"Wallonischer K\u00e4sewettbewerb: Gewinner 2016 - K\u00e4sefest\" \/>\n<meta property=\"og:description\" content=\"K\u00c4SE DES JAHRES\u00a02016 Moinette au malt et au houblon Brasserie Dupont Pascale Wauthoz Rue Basse, 5 &#8211; 7904 Tourpes www.brasserie-dupont.com Preis der Wallonischen Region \u2013 Harz\u00e9 d\u2019Or : Jurypr\u00e4sident: M. L\u00e9on Duysens, Comit\u00e9 de Soutien des Fromages de Wallonie K\u00c4SE AUS KUHMILCH Frischk\u00e4se: Maqu\u00e9e artisanale Val-Dieu Fromagerie R\u00e9gal Damien Bruwier\u2026 Weiterlesen\" \/>\n<meta property=\"og:url\" content=\"https:\/\/www.fetedufromage.be\/de\/concours-fromages-de-wallonie-laureats-2016\/\" \/>\n<meta property=\"og:site_name\" content=\"K\u00e4sefest\" \/>\n<meta property=\"article:modified_time\" content=\"2018-05-29T13:52:20+00:00\" \/>\n<meta property=\"og:image\" content=\"https:\/\/www.fetedufromage.be\/wp-content\/gallery\/Laur%C3%A9ats-2016\/thumbs\/thumbs_09-moinette-malt-houblon.png\" \/>\n<meta name=\"twitter:card\" content=\"summary\" \/>\n<script type=\"application\/ld+json\" class=\"yoast-schema-graph\">{\"@context\":\"https:\/\/schema.org\",\"@graph\":[{\"@type\":\"WebSite\",\"@id\":\"https:\/\/www.fetedufromage.be\/de\/#website\",\"url\":\"https:\/\/www.fetedufromage.be\/de\/\",\"name\":\"K\\u00e4sefest\",\"description\":\"\",\"potentialAction\":[{\"@type\":\"SearchAction\",\"target\":\"https:\/\/www.fetedufromage.be\/de\/?s={search_term_string}\",\"query-input\":\"required name=search_term_string\"}],\"inLanguage\":\"de\"},{\"@type\":\"ImageObject\",\"@id\":\"https:\/\/www.fetedufromage.be\/de\/concours-fromages-de-wallonie-laureats-2016\/#primaryimage\",\"inLanguage\":\"de\",\"url\":\"https:\/\/www.fetedufromage.be\/wp-content\/gallery\/Laur%C3%A9ats-2016\/thumbs\/thumbs_09-moinette-malt-houblon.png\"},{\"@type\":\"WebPage\",\"@id\":\"https:\/\/www.fetedufromage.be\/de\/concours-fromages-de-wallonie-laureats-2016\/#webpage\",\"url\":\"https:\/\/www.fetedufromage.be\/de\/concours-fromages-de-wallonie-laureats-2016\/\",\"name\":\"Wallonischer K\\u00e4sewettbewerb: Gewinner 2016 - K\\u00e4sefest\",\"isPartOf\":{\"@id\":\"https:\/\/www.fetedufromage.be\/de\/#website\"},\"primaryImageOfPage\":{\"@id\":\"https:\/\/www.fetedufromage.be\/de\/concours-fromages-de-wallonie-laureats-2016\/#primaryimage\"},\"datePublished\":\"2016-06-21T14:25:12+00:00\",\"dateModified\":\"2018-05-29T13:52:20+00:00\",\"inLanguage\":\"de\",\"potentialAction\":[{\"@type\":\"ReadAction\",\"target\":[\"https:\/\/www.fetedufromage.be\/de\/concours-fromages-de-wallonie-laureats-2016\/\"]}]}]}<\/script>\n<!-- \/ Yoast SEO plugin. -->","_links":{"self":[{"href":"https:\/\/www.fetedufromage.be\/de\/wp-json\/wp\/v2\/pages\/955"}],"collection":[{"href":"https:\/\/www.fetedufromage.be\/de\/wp-json\/wp\/v2\/pages"}],"about":[{"href":"https:\/\/www.fetedufromage.be\/de\/wp-json\/wp\/v2\/types\/page"}],"author":[{"embeddable":true,"href":"https:\/\/www.fetedufromage.be\/de\/wp-json\/wp\/v2\/users\/1"}],"replies":[{"embeddable":true,"href":"https:\/\/www.fetedufromage.be\/de\/wp-json\/wp\/v2\/comments?post=955"}],"version-history":[{"count":23,"href":"https:\/\/www.fetedufromage.be\/de\/wp-json\/wp\/v2\/pages\/955\/revisions"}],"predecessor-version":[{"id":2089,"href":"https:\/\/www.fetedufromage.be\/de\/wp-json\/wp\/v2\/pages\/955\/revisions\/2089"}],"wp:attachment":[{"href":"https:\/\/www.fetedufromage.be\/de\/wp-json\/wp\/v2\/media?parent=955"}],"curies":[{"name":"wp","href":"https:\/\/api.w.org\/{rel}","templated":true}]}}