{"id":1449,"date":"2017-06-16T15:10:16","date_gmt":"2017-06-16T14:10:16","guid":{"rendered":"http:\/\/www.fetedufromage.be\/?page_id=1449"},"modified":"2018-05-29T10:58:39","modified_gmt":"2018-05-29T09:58:39","slug":"concours-fromages-de-wallonie-laureats-2017","status":"publish","type":"page","link":"https:\/\/www.fetedufromage.be\/de\/concours-fromages-de-wallonie-laureats-2017\/","title":{"rendered":"(Fran\u00e7ais) Concours des fromages de Wallonie: laur\u00e9ats 2017"},"content":{"rendered":"<p class=\"qtranxs-available-languages-message qtranxs-available-languages-message-de\">Leider ist der Eintrag nur auf <a href=\"https:\/\/www.fetedufromage.be\/fr\/wp-json\/wp\/v2\/pages\/1449\" class=\"qtranxs-available-language-link qtranxs-available-language-link-fr\" title=\"Fran\u00e7ais\">Franz\u00f6sisch<\/a> und <a href=\"https:\/\/www.fetedufromage.be\/nl\/wp-json\/wp\/v2\/pages\/1449\" class=\"qtranxs-available-language-link qtranxs-available-language-link-nl\" title=\"Nederlands\">Niederl\u00e4ndisch<\/a> verf\u00fcgbar.<\/p>","protected":false},"excerpt":{"rendered":"<p>Leider ist der Eintrag nur auf Franz\u00f6sisch und Niederl\u00e4ndisch verf\u00fcgbar.<\/p>\n<p> <a class=\"continue-reading-link\" href=\"https:\/\/www.fetedufromage.be\/de\/concours-fromages-de-wallonie-laureats-2017\/\"><span>Weiterlesen<\/span><i class=\"crycon-right-dir\"><\/i><\/a> <\/p>\n","protected":false},"author":1,"featured_media":1454,"parent":0,"menu_order":0,"comment_status":"closed","ping_status":"closed","template":"","meta":{"ngg_post_thumbnail":0},"yoast_head":"<!-- This site is optimized with the Yoast SEO plugin v14.3 - https:\/\/yoast.com\/wordpress\/plugins\/seo\/ -->\n<title>(Fran\u00e7ais) Concours des fromages de Wallonie: laur\u00e9ats 2017 - K\u00e4sefest<\/title>\n<meta name=\"robots\" content=\"index, follow\" \/>\n<meta name=\"googlebot\" content=\"index, follow, max-snippet:-1, max-image-preview:large, max-video-preview:-1\" \/>\n<meta name=\"bingbot\" content=\"index, follow, max-snippet:-1, max-image-preview:large, max-video-preview:-1\" \/>\n<link rel=\"canonical\" href=\"https:\/\/www.fetedufromage.be\/concours-fromages-de-wallonie-laureats-2017\/\" \/>\n<meta property=\"og:locale\" content=\"de_DE\" \/>\n<meta property=\"og:type\" content=\"article\" \/>\n<meta property=\"og:title\" content=\"(Fran\u00e7ais) Concours des fromages de Wallonie: laur\u00e9ats 2017 - K\u00e4sefest\" \/>\n<meta property=\"og:description\" content=\"Leider ist der Eintrag nur auf Franz\u00f6sisch und Niederl\u00e4ndisch verf\u00fcgbar. Weiterlesen\" \/>\n<meta property=\"og:url\" content=\"https:\/\/www.fetedufromage.be\/concours-fromages-de-wallonie-laureats-2017\/\" \/>\n<meta property=\"og:site_name\" content=\"K\u00e4sefest\" \/>\n<meta property=\"article:modified_time\" content=\"2018-05-29T09:58:39+00:00\" \/>\n<meta property=\"og:image\" content=\"https:\/\/www.fetedufromage.be\/wp-content\/uploads\/2017\/06\/laureats2017-1024x768.jpg\" \/>\n\t<meta property=\"og:image:width\" content=\"1024\" \/>\n\t<meta property=\"og:image:height\" content=\"768\" \/>\n<meta name=\"twitter:card\" content=\"summary\" \/>\n<script type=\"application\/ld+json\" class=\"yoast-schema-graph\">{\"@context\":\"https:\/\/schema.org\",\"@graph\":[{\"@type\":\"WebSite\",\"@id\":\"https:\/\/www.fetedufromage.be\/de\/#website\",\"url\":\"https:\/\/www.fetedufromage.be\/de\/\",\"name\":\"K\\u00e4sefest\",\"description\":\"\",\"potentialAction\":[{\"@type\":\"SearchAction\",\"target\":\"https:\/\/www.fetedufromage.be\/de\/?s={search_term_string}\",\"query-input\":\"required name=search_term_string\"}],\"inLanguage\":\"de\"},{\"@type\":\"ImageObject\",\"@id\":\"https:\/\/www.fetedufromage.be\/concours-fromages-de-wallonie-laureats-2017\/#primaryimage\",\"inLanguage\":\"de\",\"url\":\"https:\/\/www.fetedufromage.be\/wp-content\/uploads\/2017\/06\/laureats2017.jpg\",\"width\":3264,\"height\":2448,\"caption\":\"Laur\\u00e9ats 2017\"},{\"@type\":\"WebPage\",\"@id\":\"https:\/\/www.fetedufromage.be\/concours-fromages-de-wallonie-laureats-2017\/#webpage\",\"url\":\"https:\/\/www.fetedufromage.be\/concours-fromages-de-wallonie-laureats-2017\/\",\"name\":\"(Fran\\u00e7ais) Concours des fromages de Wallonie: laur\\u00e9ats 2017 - K\\u00e4sefest\",\"isPartOf\":{\"@id\":\"https:\/\/www.fetedufromage.be\/de\/#website\"},\"primaryImageOfPage\":{\"@id\":\"https:\/\/www.fetedufromage.be\/concours-fromages-de-wallonie-laureats-2017\/#primaryimage\"},\"datePublished\":\"2017-06-16T14:10:16+00:00\",\"dateModified\":\"2018-05-29T09:58:39+00:00\",\"inLanguage\":\"de\",\"potentialAction\":[{\"@type\":\"ReadAction\",\"target\":[\"https:\/\/www.fetedufromage.be\/concours-fromages-de-wallonie-laureats-2017\/\"]}]}]}<\/script>\n<!-- \/ Yoast SEO plugin. -->","_links":{"self":[{"href":"https:\/\/www.fetedufromage.be\/de\/wp-json\/wp\/v2\/pages\/1449"}],"collection":[{"href":"https:\/\/www.fetedufromage.be\/de\/wp-json\/wp\/v2\/pages"}],"about":[{"href":"https:\/\/www.fetedufromage.be\/de\/wp-json\/wp\/v2\/types\/page"}],"author":[{"embeddable":true,"href":"https:\/\/www.fetedufromage.be\/de\/wp-json\/wp\/v2\/users\/1"}],"replies":[{"embeddable":true,"href":"https:\/\/www.fetedufromage.be\/de\/wp-json\/wp\/v2\/comments?post=1449"}],"version-history":[{"count":12,"href":"https:\/\/www.fetedufromage.be\/de\/wp-json\/wp\/v2\/pages\/1449\/revisions"}],"predecessor-version":[{"id":2083,"href":"https:\/\/www.fetedufromage.be\/de\/wp-json\/wp\/v2\/pages\/1449\/revisions\/2083"}],"wp:featuredmedia":[{"embeddable":true,"href":"https:\/\/www.fetedufromage.be\/de\/wp-json\/wp\/v2\/media\/1454"}],"wp:attachment":[{"href":"https:\/\/www.fetedufromage.be\/de\/wp-json\/wp\/v2\/media?parent=1449"}],"curies":[{"name":"wp","href":"https:\/\/api.w.org\/{rel}","templated":true}]}}